{"id":31856,"date":"2020-07-30T09:40:01","date_gmt":"2020-07-30T07:40:01","guid":{"rendered":"https:\/\/www.aufarbeitungskommission.de\/?page_id=31856"},"modified":"2024-09-11T16:14:24","modified_gmt":"2024-09-11T14:14:24","slug":"yeniden-isleme","status":"publish","type":"page","link":"https:\/\/www.aufarbeitungskommission.de\/tr\/komisyon\/yeniden-isleme\/","title":{"rendered":"Yeniden i\u015fleme"},"content":{"rendered":"\n<div class=\"wp-block-prj-pt-gutenberg-blocks-textbox alignfull wp-block-cover has-white-color has-blue-background-color\" style=\"background-image:url(https:\/\/www.aufarbeitungskommission.de\/wp-content\/uploads\/2020\/08\/sattblau.jpg);background-position:52% 46%\"><div class=\"wp-block-cover__inner-container\"><div><div class=\"content\"><h1 class=\"header\">\u00c7ocuklara y\u00f6nelik cinsel istismar\u0131 yeniden i\u015fleme<\/h1><p class=\"main-text\">Bununla uzla\u015fmak, \u00c7ocuklara Y\u00f6nelik Cinsel \u0130stismar\u0131n yeniden i\u015flenmesine \u0130li\u015fkin Ba\u011f\u0131ms\u0131z Komisyon&#8217;un ana temas\u0131d\u0131r. Ancak \u00e7ocuklara ve gen\u00e7lere y\u00f6nelik cinsel \u015fiddetle m\u00fccadele etmek ayn\u0131 zamanda bir b\u00fct\u00fcn olarak toplumun sorumlulu\u011fundad\u0131r.<\/p>\n<div class=\"wp-block-prj-pt-gutenberg-blocks-linkbutton\"><div class=\"content\"><\/div><\/div>\n<\/div><\/div><\/div><\/div>\n\n\n\n<div style=\"height:20px\" aria-hidden=\"true\" class=\"wp-block-spacer\"><\/div>\n\n\n\n<div class=\"wp-block-prj-pt-gutenberg-blocks-columns alignwide wp-block-cover\"><div class=\"wp-block-cover__inner-container\"><div>\n<div class=\"wp-block-column is-layout-flow wp-block-column-is-layout-flow\">\n<div class=\"wp-block-group alignfull is-layout-flow wp-block-group-is-layout-flow\"><div class=\"wp-block-group__inner-container\">\n<div class=\"wp-block-prj-pt-gutenberg-blocks-columns alignfull wp-block-cover has-blue-background-color\" style=\"background-image:url(https:\/\/www.aufarbeitungskommission.de\/wp-content\/uploads\/2020\/08\/sattblau_2.jpg)\"><div class=\"wp-block-cover__inner-container\"><div class=\"are-vertically-aligned-center\">\n<div class=\"wp-block-column is-vertically-aligned-center is-layout-flow wp-block-column-is-layout-flow\" style=\"flex-basis:100%\"><div class=\"wp-block-image\">\n<figure class=\"aligncenter\"><img decoding=\"async\" loading=\"lazy\" width=\"265\" height=\"207\" src=\"https:\/\/www.aufarbeitungskommission.de\/wp-content\/uploads\/icon_wasistaufarbeitung.png\" alt=\"\" class=\"wp-image-10548\"\/><\/figure><\/div>\n\n\n<p><\/p>\n<\/div>\n<\/div><\/div><\/div>\n<\/div><\/div>\n<\/div>\n\n\n\n<div class=\"wp-block-column is-layout-flow wp-block-column-is-layout-flow\">\n<div class=\"wp-block-prj-pt-gutenberg-blocks-textbox alignwide wp-block-cover\"><div class=\"wp-block-cover__inner-container\"><div><div class=\"content\"><h2 class=\"header\"><br><br><br>\u00a0\u2018<strong><strong>Yeniden i\u015fleme<\/strong>\u2019<strong> ne anlama geliyor?<\/strong><\/strong><\/h2><p class=\"main-text\">Yeniden i\u015fleme ge\u00e7mi\u015fteki adaletsizlikleri ortaya \u00e7\u0131karmas\u0131 d\u00fc\u015f\u00fcn\u00fclmektedir. Peki \u00e7ocuklar\u0131 ve gen\u00e7leri gelecekte cinsel \u015fiddetten koruyabilmek i\u00e7in ge\u00e7mi\u015fe bakmak neden bu kadar \u00f6nemli?<\/p>\n<div class=\"wp-block-prj-pt-gutenberg-blocks-linkbutton alignwide\"><div class=\"content\"><a href=\"\/tr\/komisyon\/yeniden-isleme\/yeniden-isleme-ne-anlama-geliyor\/\" target=\"_self\" rel=\"noopener noreferrer\" class=\"textbox-link has-color has-blue-color has-hover-color has-blue-dim-hover-color\"><span>Yeniden i\u015fleme hakk\u0131nda daha fazla bilgi edinin<\/span><\/a><\/div><\/div>\n<\/div><\/div><\/div><\/div>\n<\/div>\n<\/div><\/div><\/div>\n\n\n\n<div class=\"wp-block-prj-pt-gutenberg-blocks-columns alignwide wp-block-cover\"><div class=\"wp-block-cover__inner-container\"><div>\n<div class=\"wp-block-column is-layout-flow wp-block-column-is-layout-flow\">\n<div class=\"wp-block-prj-pt-gutenberg-blocks-textbox alignwide wp-block-cover\"><div class=\"wp-block-cover__inner-container\"><div><div class=\"content\"><h2 class=\"header\"><strong><strong>Yeniden \u0130\u015fleme formatlar\u0131<\/strong><\/strong><\/h2><p class=\"main-text\">Komisyonun farkl\u0131 alanlardaki \u00e7ocuklara y\u00f6nelik cinsel istismar\u0131 ara\u015ft\u0131rmak i\u00e7in elinde \u00e7e\u015fitli formatlar bulunmaktad\u0131r.<\/p>\n<div class=\"wp-block-prj-pt-gutenberg-blocks-linkbutton alignwide\"><div class=\"content\"><a href=\"\/tr\/komisyon\/yeniden-isleme\/yeniden-isleme-formatlari\/\" target=\"_self\" rel=\"noopener noreferrer\" class=\"textbox-link has-color has-blue-color has-hover-color has-blue-dim-hover-color\"><span>Formatlar hakk\u0131nda daha fazla bilgi edini<\/span><\/a><\/div><\/div>\n<\/div><\/div><\/div><\/div>\n\n\n\n<p><\/p>\n<\/div>\n\n\n\n<div class=\"wp-block-column is-layout-flow wp-block-column-is-layout-flow\">\n<div class=\"wp-block-group alignfull is-layout-flow wp-block-group-is-layout-flow\"><div class=\"wp-block-group__inner-container\">\n<div class=\"wp-block-prj-pt-gutenberg-blocks-columns alignfull wp-block-cover has-background-dim-20 has-background-dim has-blue-background-color\" style=\"background-image:url(https:\/\/www.aufarbeitungskommission.de\/wp-content\/uploads\/2020\/08\/sattblau.jpg);background-position:52% 44%\"><span aria-hidden=\"true\" class=\"wp-block-cover__gradient-background\"><\/span><div class=\"wp-block-cover__inner-container\"><div class=\"are-vertically-aligned-center\">\n<div class=\"wp-block-column is-vertically-aligned-center is-layout-flow wp-block-column-is-layout-flow\" style=\"flex-basis:100%\"><div class=\"wp-block-image\">\n<figure class=\"aligncenter\"><img decoding=\"async\" loading=\"lazy\" width=\"239\" height=\"239\" src=\"https:\/\/www.aufarbeitungskommission.de\/wp-content\/uploads\/2020\/08\/icon_formate.png\" alt=\"\" class=\"wp-image-4571\" srcset=\"https:\/\/www.aufarbeitungskommission.de\/wp-content\/uploads\/2020\/08\/icon_formate.png 239w, https:\/\/www.aufarbeitungskommission.de\/wp-content\/uploads\/2020\/08\/icon_formate-150x150.png 150w\" sizes=\"(max-width: 239px) 100vw, 239px\" \/><\/figure><\/div>\n\n\n<p><\/p>\n<\/div>\n<\/div><\/div><\/div>\n<\/div><\/div>\n<\/div>\n<\/div><\/div><\/div>\n\n\n\n<div class=\"wp-block-prj-pt-gutenberg-blocks-columns alignwide wp-block-cover\"><div class=\"wp-block-cover__inner-container\"><div>\n<div class=\"wp-block-column is-layout-flow wp-block-column-is-layout-flow\">\n<div class=\"wp-block-group alignfull is-layout-flow wp-block-group-is-layout-flow\"><div class=\"wp-block-group__inner-container\">\n<div class=\"wp-block-prj-pt-gutenberg-blocks-columns alignfull wp-block-cover has-background-dim-40 has-background-dim has-blue-background-color\" style=\"background-image:url(https:\/\/www.aufarbeitungskommission.de\/wp-content\/uploads\/2020\/08\/sattblau_4.jpg)\"><span aria-hidden=\"true\" class=\"wp-block-cover__gradient-background\"><\/span><div class=\"wp-block-cover__inner-container\"><div class=\"are-vertically-aligned-center\">\n<div class=\"wp-block-column is-vertically-aligned-center is-layout-flow wp-block-column-is-layout-flow\" style=\"flex-basis:100%\"><div class=\"wp-block-image\">\n<figure class=\"aligncenter\"><img decoding=\"async\" loading=\"lazy\" width=\"234\" height=\"311\" src=\"https:\/\/www.aufarbeitungskommission.de\/wp-content\/uploads\/2020\/08\/icon_deutschland_karte.png\" alt=\"\" class=\"wp-image-4591\" srcset=\"https:\/\/www.aufarbeitungskommission.de\/wp-content\/uploads\/2020\/08\/icon_deutschland_karte.png 234w, https:\/\/www.aufarbeitungskommission.de\/wp-content\/uploads\/2020\/08\/icon_deutschland_karte-226x300.png 226w\" sizes=\"(max-width: 234px) 100vw, 234px\" \/><\/figure><\/div>\n\n\n<p><\/p>\n<\/div>\n<\/div><\/div><\/div>\n<\/div><\/div>\n<\/div>\n\n\n\n<div class=\"wp-block-column is-layout-flow wp-block-column-is-layout-flow\">\n<div class=\"wp-block-prj-pt-gutenberg-blocks-textbox alignwide wp-block-cover\"><div class=\"wp-block-cover__inner-container\"><div><div class=\"content\"><h2 class=\"header\"><strong><strong>Almanya&#8217;da Yeniden \u0130\u015fleme<\/strong><\/strong><\/h2><p class=\"main-text\">\u00c7ocuklara y\u00f6nelik cinsel istismarla y\u00fczle\u015fmek, bir b\u00fct\u00fcn olarak toplumun g\u00f6revidir; bu g\u00f6rev, 2016 y\u0131l\u0131nda \u00c7ocuklara Y\u00f6nelik Cinsel \u0130stismar\u0131n yeniden i\u015flenmesine \u0130li\u015fkin Ba\u011f\u0131ms\u0131z Komisyon&#8217;un kurulmas\u0131yla ba\u015flamam\u0131\u015ft\u0131r.<\/p>\n<div class=\"wp-block-prj-pt-gutenberg-blocks-linkbutton alignwide\"><div class=\"content\"><a href=\"https:\/\/www.aufarbeitungskommission.de\/kommission\/aufarbeitung\/aufarbeitung-in-deutschland\/\" target=\"_self\" rel=\"noopener noreferrer\" class=\"textbox-link has-color has-blue-color has-hover-color has-blue-dim-hover-color\"><span>Ele\u015ftirel yeniden de\u011ferlendirme hakk\u0131nda daha fazla bilgi (Almanca sayfas\u0131)<\/span><\/a><\/div><\/div>\n<\/div><\/div><\/div><\/div>\n\n\n\n<p><\/p>\n<\/div>\n<\/div><\/div><\/div>\n\n\n\n<div class=\"wp-block-prj-pt-gutenberg-blocks-columns alignwide wp-block-cover\"><div class=\"wp-block-cover__inner-container\"><div>\n<div class=\"wp-block-column is-layout-flow wp-block-column-is-layout-flow\">\n<div class=\"wp-block-prj-pt-gutenberg-blocks-textbox alignwide wp-block-cover\"><div class=\"wp-block-cover__inner-container\"><div><div class=\"content\"><h2 class=\"header\"><strong>Uluslararas\u0131 yeniden i\u015fleme<\/strong><\/h2><p class=\"main-text\">\u00c7ocuklara ve gen\u00e7lere y\u00f6nelik cinsel \u015fiddet d\u00fcnya \u00e7ap\u0131nda ya\u015fanmaktad\u0131r. Art\u0131k \u00e7ocuklar\u0131n ve gen\u00e7lerin kurumlarda ya\u015fad\u0131\u011f\u0131 adaletsizlikleri ve ac\u0131lar\u0131 tarihsel olarak inceleyen \u00e7ok say\u0131da komisyon bulunmaktad\u0131r.<\/p>\n<div class=\"wp-block-prj-pt-gutenberg-blocks-linkbutton alignwide\"><div class=\"content\"><a href=\"\/tr\/komisyon\/yeniden-isleme\/uluslararasi-yeniden-degerlendirme\/\" target=\"_self\" rel=\"noopener noreferrer\" class=\"textbox-link has-color has-blue-color has-hover-color has-blue-dim-hover-color\"><span>Uluslararas\u0131 yeniden i\u015fleme hakk\u0131nda daha fazla bilgi edinin<\/span><\/a><\/div><\/div>\n<\/div><\/div><\/div><\/div>\n<\/div>\n\n\n\n<div class=\"wp-block-column is-layout-flow wp-block-column-is-layout-flow\">\n<div class=\"wp-block-group alignfull is-layout-flow wp-block-group-is-layout-flow\"><div class=\"wp-block-group__inner-container\">\n<div class=\"wp-block-prj-pt-gutenberg-blocks-columns alignfull wp-block-cover has-background-dim-40 has-background-dim has-blue-background-color\" style=\"background-image:url(https:\/\/www.aufarbeitungskommission.de\/wp-content\/uploads\/2020\/08\/sattblau_3.jpg)\"><span aria-hidden=\"true\" class=\"wp-block-cover__gradient-background\"><\/span><div class=\"wp-block-cover__inner-container\"><div class=\"are-vertically-aligned-center\">\n<div class=\"wp-block-column is-vertically-aligned-center is-layout-flow wp-block-column-is-layout-flow\" style=\"flex-basis:100%\"><div class=\"wp-block-image\">\n<figure class=\"aligncenter size-large\"><img decoding=\"async\" loading=\"lazy\" width=\"248\" height=\"248\" src=\"https:\/\/www.aufarbeitungskommission.de\/wp-content\/uploads\/2020\/08\/icon_international.png\" alt=\"\" class=\"wp-image-4572\" srcset=\"https:\/\/www.aufarbeitungskommission.de\/wp-content\/uploads\/2020\/08\/icon_international.png 248w, https:\/\/www.aufarbeitungskommission.de\/wp-content\/uploads\/2020\/08\/icon_international-150x150.png 150w\" sizes=\"(max-width: 248px) 100vw, 248px\" \/><\/figure><\/div><\/div>\n<\/div><\/div><\/div>\n<\/div><\/div>\n<\/div>\n<\/div><\/div><\/div>\n\n\n\n<div class=\"wp-block-prj-pt-gutenberg-blocks-columns alignwide wp-block-cover\"><div class=\"wp-block-cover__inner-container\"><div>\n<div class=\"wp-block-column is-layout-flow wp-block-column-is-layout-flow\">\n<div class=\"wp-block-group alignfull is-layout-flow wp-block-group-is-layout-flow\"><div class=\"wp-block-group__inner-container\">\n<div class=\"wp-block-prj-pt-gutenberg-blocks-columns alignfull wp-block-cover has-background-dim-30 has-background-dim has-blue-background-color\" style=\"background-image:url(https:\/\/www.aufarbeitungskommission.de\/wp-content\/uploads\/2020\/08\/sattblau_himmel.jpg);background-position:19% 10%\"><span aria-hidden=\"true\" class=\"wp-block-cover__gradient-background\"><\/span><div class=\"wp-block-cover__inner-container\"><div class=\"are-vertically-aligned-center\">\n<div class=\"wp-block-column is-vertically-aligned-center is-layout-flow wp-block-column-is-layout-flow\" style=\"flex-basis:100%\"><div class=\"wp-block-image\">\n<figure class=\"aligncenter\"><img decoding=\"async\" loading=\"lazy\" width=\"1024\" height=\"1024\" src=\"https:\/\/www.aufarbeitungskommission.de\/wp-content\/uploads\/Icon-Fragezeichen-1024x1024.png\" alt=\"\" class=\"wp-image-13983\" srcset=\"https:\/\/www.aufarbeitungskommission.de\/wp-content\/uploads\/Icon-Fragezeichen-1024x1024.png 1024w, https:\/\/www.aufarbeitungskommission.de\/wp-content\/uploads\/Icon-Fragezeichen-300x300.png 300w, https:\/\/www.aufarbeitungskommission.de\/wp-content\/uploads\/Icon-Fragezeichen-150x150.png 150w, https:\/\/www.aufarbeitungskommission.de\/wp-content\/uploads\/Icon-Fragezeichen-768x768.png 768w, https:\/\/www.aufarbeitungskommission.de\/wp-content\/uploads\/Icon-Fragezeichen-1536x1536.png 1536w, https:\/\/www.aufarbeitungskommission.de\/wp-content\/uploads\/Icon-Fragezeichen-2048x2048.png 2048w, https:\/\/www.aufarbeitungskommission.de\/wp-content\/uploads\/Icon-Fragezeichen-1200x1200.png 1200w, https:\/\/www.aufarbeitungskommission.de\/wp-content\/uploads\/Icon-Fragezeichen-1980x1980.png 1980w\" sizes=\"(max-width: 1024px) 100vw, 1024px\" \/><\/figure><\/div>\n\n\n<p><\/p>\n<\/div>\n<\/div><\/div><\/div>\n<\/div><\/div>\n<\/div>\n\n\n\n<div class=\"wp-block-column is-layout-flow wp-block-column-is-layout-flow\">\n<div class=\"wp-block-prj-pt-gutenberg-blocks-textbox alignwide wp-block-cover\"><div class=\"wp-block-cover__inner-container\"><div><div class=\"content\"><h2 class=\"header\"><strong><strong>\u00c7ocuklara y\u00f6nelik cinsel istismar<\/strong><\/strong><\/h2><p class=\"main-text\">\u00c7ocu\u011fun cinsel istismar\u0131 nedir? Ceza hukukunda nas\u0131l tan\u0131mlan\u0131r? \u00c7ocuklara ve gen\u00e7lere y\u00f6nelik cinsel \u015fiddetin ne t\u00fcr bi\u00e7imleri vard\u0131r? \u00c7ocuk cinsel istismar\u0131 hangi b\u00f6lgelerde ya\u015fanmaktad\u0131r?<\/p>\n<div class=\"wp-block-prj-pt-gutenberg-blocks-linkbutton alignwide\"><div class=\"content\"><a href=\"\/tr\/komisyon\/yeniden-isleme\/cocuk-cinsel-istismari\/\" target=\"_self\" rel=\"noopener noreferrer\" class=\"textbox-link has-color has-blue-color has-hover-color has-blue-dim-hover-color\"><span>Tan\u0131mlar hakk\u0131nda daha fazla bilgi edinin<\/span><\/a><\/div><\/div>\n<\/div><\/div><\/div><\/div>\n\n\n\n<p><\/p>\n<\/div>\n<\/div><\/div><\/div>\n","protected":false},"excerpt":{"rendered":"","protected":false},"author":31,"featured_media":0,"parent":32188,"menu_order":0,"comment_status":"closed","ping_status":"closed","template":"","meta":{"footnotes":""},"yoast_head":"<!-- This site is optimized with the Yoast SEO plugin v21.4 - https:\/\/yoast.com\/wordpress\/plugins\/seo\/ -->\n<title>Yeniden i\u015fleme - Aufarbeitungskommission<\/title>\n<meta name=\"robots\" content=\"index, follow, max-snippet:-1, max-image-preview:large, max-video-preview:-1\" \/>\n<link rel=\"canonical\" href=\"https:\/\/www.aufarbeitungskommission.de\/tr\/komisyon\/yeniden-isleme\/\" \/>\n<meta property=\"og:locale\" content=\"tr_TR\" \/>\n<meta property=\"og:type\" content=\"article\" \/>\n<meta property=\"og:title\" content=\"Yeniden i\u015fleme - Aufarbeitungskommission\" \/>\n<meta property=\"og:url\" content=\"https:\/\/www.aufarbeitungskommission.de\/tr\/komisyon\/yeniden-isleme\/\" \/>\n<meta property=\"og:site_name\" content=\"Aufarbeitungskommission\" \/>\n<meta property=\"article:modified_time\" content=\"2024-09-11T14:14:24+00:00\" \/>\n<meta property=\"og:image\" content=\"https:\/\/www.aufarbeitungskommission.de\/wp-content\/uploads\/icon_wasistaufarbeitung.png\" \/>\n<meta name=\"twitter:card\" content=\"summary_large_image\" \/>\n<meta name=\"twitter:site\" content=\"@Aufarbeitung\" \/>\n<meta name=\"twitter:label1\" content=\"Tahmini okuma s\u00fcresi\" \/>\n\t<meta name=\"twitter:data1\" content=\"3 dakika\" \/>\n<script type=\"application\/ld+json\" class=\"yoast-schema-graph\">{\"@context\":\"https:\/\/schema.org\",\"@graph\":[{\"@type\":\"WebPage\",\"@id\":\"https:\/\/www.aufarbeitungskommission.de\/tr\/komisyon\/yeniden-isleme\/\",\"url\":\"https:\/\/www.aufarbeitungskommission.de\/tr\/komisyon\/yeniden-isleme\/\",\"name\":\"Yeniden i\u015fleme - Aufarbeitungskommission\",\"isPartOf\":{\"@id\":\"https:\/\/www.aufarbeitungskommission.de\/tr\/#website\"},\"datePublished\":\"2020-07-30T07:40:01+00:00\",\"dateModified\":\"2024-09-11T14:14:24+00:00\",\"breadcrumb\":{\"@id\":\"https:\/\/www.aufarbeitungskommission.de\/tr\/komisyon\/yeniden-isleme\/#breadcrumb\"},\"inLanguage\":\"tr\",\"potentialAction\":[{\"@type\":\"ReadAction\",\"target\":[\"https:\/\/www.aufarbeitungskommission.de\/tr\/komisyon\/yeniden-isleme\/\"]}]},{\"@type\":\"BreadcrumbList\",\"@id\":\"https:\/\/www.aufarbeitungskommission.de\/tr\/komisyon\/yeniden-isleme\/#breadcrumb\",\"itemListElement\":[{\"@type\":\"ListItem\",\"position\":1,\"name\":\"Ana sayfa\",\"item\":\"https:\/\/www.aufarbeitungskommission.de\/tr\/\"},{\"@type\":\"ListItem\",\"position\":2,\"name\":\"Komisyon\",\"item\":\"https:\/\/www.aufarbeitungskommission.de\/tr\/komisyon\/\"},{\"@type\":\"ListItem\",\"position\":3,\"name\":\"Yeniden i\u015fleme\"}]},{\"@type\":\"WebSite\",\"@id\":\"https:\/\/www.aufarbeitungskommission.de\/tr\/#website\",\"url\":\"https:\/\/www.aufarbeitungskommission.de\/tr\/\",\"name\":\"Aufarbeitungskommission\",\"description\":\"\",\"publisher\":{\"@id\":\"https:\/\/www.aufarbeitungskommission.de\/tr\/#organization\"},\"potentialAction\":[{\"@type\":\"SearchAction\",\"target\":{\"@type\":\"EntryPoint\",\"urlTemplate\":\"https:\/\/www.aufarbeitungskommission.de\/tr\/?s={search_term_string}\"},\"query-input\":\"required name=search_term_string\"}],\"inLanguage\":\"tr\"},{\"@type\":\"Organization\",\"@id\":\"https:\/\/www.aufarbeitungskommission.de\/tr\/#organization\",\"name\":\"Unabh\u00e4ngige Kommission zur Aufarbeitung sexuellen Kindesmissbrauchs\",\"url\":\"https:\/\/www.aufarbeitungskommission.de\/tr\/\",\"logo\":{\"@type\":\"ImageObject\",\"inLanguage\":\"tr\",\"@id\":\"https:\/\/www.aufarbeitungskommission.de\/tr\/#\/schema\/logo\/image\/\",\"url\":\"https:\/\/www.aufarbeitungskommission.de\/wp-content\/uploads\/2020\/06\/Aufarbeitungskommission_Logo_crop.svg\",\"contentUrl\":\"https:\/\/www.aufarbeitungskommission.de\/wp-content\/uploads\/2020\/06\/Aufarbeitungskommission_Logo_crop.svg\",\"width\":308,\"height\":94,\"caption\":\"Unabh\u00e4ngige Kommission zur Aufarbeitung sexuellen Kindesmissbrauchs\"},\"image\":{\"@id\":\"https:\/\/www.aufarbeitungskommission.de\/tr\/#\/schema\/logo\/image\/\"},\"sameAs\":[\"https:\/\/twitter.com\/Aufarbeitung\",\"https:\/\/de.wikipedia.org\/wiki\/Unabh\u00e4ngige_Kommission_zur_Aufarbeitung_sexuellen_Kindesmissbrauchs\"]}]}<\/script>\n<!-- \/ Yoast SEO plugin. -->","yoast_head_json":{"title":"Yeniden i\u015fleme - Aufarbeitungskommission","robots":{"index":"index","follow":"follow","max-snippet":"max-snippet:-1","max-image-preview":"max-image-preview:large","max-video-preview":"max-video-preview:-1"},"canonical":"https:\/\/www.aufarbeitungskommission.de\/tr\/komisyon\/yeniden-isleme\/","og_locale":"tr_TR","og_type":"article","og_title":"Yeniden i\u015fleme - Aufarbeitungskommission","og_url":"https:\/\/www.aufarbeitungskommission.de\/tr\/komisyon\/yeniden-isleme\/","og_site_name":"Aufarbeitungskommission","article_modified_time":"2024-09-11T14:14:24+00:00","og_image":[{"url":"https:\/\/www.aufarbeitungskommission.de\/wp-content\/uploads\/icon_wasistaufarbeitung.png"}],"twitter_card":"summary_large_image","twitter_site":"@Aufarbeitung","twitter_misc":{"Tahmini okuma s\u00fcresi":"3 dakika"},"schema":{"@context":"https:\/\/schema.org","@graph":[{"@type":"WebPage","@id":"https:\/\/www.aufarbeitungskommission.de\/tr\/komisyon\/yeniden-isleme\/","url":"https:\/\/www.aufarbeitungskommission.de\/tr\/komisyon\/yeniden-isleme\/","name":"Yeniden i\u015fleme - Aufarbeitungskommission","isPartOf":{"@id":"https:\/\/www.aufarbeitungskommission.de\/tr\/#website"},"datePublished":"2020-07-30T07:40:01+00:00","dateModified":"2024-09-11T14:14:24+00:00","breadcrumb":{"@id":"https:\/\/www.aufarbeitungskommission.de\/tr\/komisyon\/yeniden-isleme\/#breadcrumb"},"inLanguage":"tr","potentialAction":[{"@type":"ReadAction","target":["https:\/\/www.aufarbeitungskommission.de\/tr\/komisyon\/yeniden-isleme\/"]}]},{"@type":"BreadcrumbList","@id":"https:\/\/www.aufarbeitungskommission.de\/tr\/komisyon\/yeniden-isleme\/#breadcrumb","itemListElement":[{"@type":"ListItem","position":1,"name":"Ana sayfa","item":"https:\/\/www.aufarbeitungskommission.de\/tr\/"},{"@type":"ListItem","position":2,"name":"Komisyon","item":"https:\/\/www.aufarbeitungskommission.de\/tr\/komisyon\/"},{"@type":"ListItem","position":3,"name":"Yeniden i\u015fleme"}]},{"@type":"WebSite","@id":"https:\/\/www.aufarbeitungskommission.de\/tr\/#website","url":"https:\/\/www.aufarbeitungskommission.de\/tr\/","name":"Aufarbeitungskommission","description":"","publisher":{"@id":"https:\/\/www.aufarbeitungskommission.de\/tr\/#organization"},"potentialAction":[{"@type":"SearchAction","target":{"@type":"EntryPoint","urlTemplate":"https:\/\/www.aufarbeitungskommission.de\/tr\/?s={search_term_string}"},"query-input":"required name=search_term_string"}],"inLanguage":"tr"},{"@type":"Organization","@id":"https:\/\/www.aufarbeitungskommission.de\/tr\/#organization","name":"Unabh\u00e4ngige Kommission zur Aufarbeitung sexuellen Kindesmissbrauchs","url":"https:\/\/www.aufarbeitungskommission.de\/tr\/","logo":{"@type":"ImageObject","inLanguage":"tr","@id":"https:\/\/www.aufarbeitungskommission.de\/tr\/#\/schema\/logo\/image\/","url":"https:\/\/www.aufarbeitungskommission.de\/wp-content\/uploads\/2020\/06\/Aufarbeitungskommission_Logo_crop.svg","contentUrl":"https:\/\/www.aufarbeitungskommission.de\/wp-content\/uploads\/2020\/06\/Aufarbeitungskommission_Logo_crop.svg","width":308,"height":94,"caption":"Unabh\u00e4ngige Kommission zur Aufarbeitung sexuellen Kindesmissbrauchs"},"image":{"@id":"https:\/\/www.aufarbeitungskommission.de\/tr\/#\/schema\/logo\/image\/"},"sameAs":["https:\/\/twitter.com\/Aufarbeitung","https:\/\/de.wikipedia.org\/wiki\/Unabh\u00e4ngige_Kommission_zur_Aufarbeitung_sexuellen_Kindesmissbrauchs"]}]}},"_links":{"self":[{"href":"https:\/\/www.aufarbeitungskommission.de\/tr\/wp-json\/wp\/v2\/pages\/31856"}],"collection":[{"href":"https:\/\/www.aufarbeitungskommission.de\/tr\/wp-json\/wp\/v2\/pages"}],"about":[{"href":"https:\/\/www.aufarbeitungskommission.de\/tr\/wp-json\/wp\/v2\/types\/page"}],"author":[{"embeddable":true,"href":"https:\/\/www.aufarbeitungskommission.de\/tr\/wp-json\/wp\/v2\/users\/31"}],"replies":[{"embeddable":true,"href":"https:\/\/www.aufarbeitungskommission.de\/tr\/wp-json\/wp\/v2\/comments?post=31856"}],"version-history":[{"count":8,"href":"https:\/\/www.aufarbeitungskommission.de\/tr\/wp-json\/wp\/v2\/pages\/31856\/revisions"}],"predecessor-version":[{"id":33109,"href":"https:\/\/www.aufarbeitungskommission.de\/tr\/wp-json\/wp\/v2\/pages\/31856\/revisions\/33109"}],"up":[{"embeddable":true,"href":"https:\/\/www.aufarbeitungskommission.de\/tr\/wp-json\/wp\/v2\/pages\/32188"}],"wp:attachment":[{"href":"https:\/\/www.aufarbeitungskommission.de\/tr\/wp-json\/wp\/v2\/media?parent=31856"}],"curies":[{"name":"wp","href":"https:\/\/api.w.org\/{rel}","templated":true}]}}