{"id":31790,"date":"2020-07-30T08:55:30","date_gmt":"2020-07-30T06:55:30","guid":{"rendered":"https:\/\/www.aufarbeitungskommission.de\/?page_id=31790"},"modified":"2025-01-14T11:47:40","modified_gmt":"2025-01-14T10:47:40","slug":"yazili-rapor","status":"publish","type":"page","link":"https:\/\/www.aufarbeitungskommission.de\/tr\/hikayeniz\/yazili-rapor\/","title":{"rendered":"Yaz\u0131l\u0131 rapor"},"content":{"rendered":"\n<div class=\"wp-block-prj-pt-gutenberg-blocks-textbox alignfull wp-block-cover has-white-color\" style=\"background-image:url(https:\/\/www.aufarbeitungskommission.de\/wp-content\/uploads\/2020\/08\/sattgruen.jpg)\"><div class=\"wp-block-cover__inner-container\"><div><div class=\"content\"><h1 class=\"header\">Yaz\u0131l\u0131 rapor \u2013 \u00e7ocuklar\u0131n cinsel istismar\u0131na ili\u015fkin deneyimlerinin yaz\u0131lmas\u0131<\/h1><p class=\"main-text\"><span data-sheets-formula-bar-text-style=\"font-size:13px;color:#000000;font-weight:normal;text-decoration:none;font-family:'Arial';font-style:normal;text-decoration-skip-ink:none;\">\u00c7ocukluk veya ergenlik d\u00f6neminde cinsel istismara maruz kald\u0131n\u0131z m\u0131, yani eylemler 18 ya\u015f\u0131ndan \u00f6nce mi ger\u00e7ekle\u015fti? Yoksa zaman\u0131n bir tan\u0131\u011f\u0131 m\u0131s\u0131n\u0131z, \u00f6rne\u011fin bir e\u011fitimci, \u00f6\u011fretmen, e\u011fitici veya sosyal hizmet uzman\u0131 m\u0131s\u0131n\u0131z? Yaz\u0131l\u0131 rapor, Ba\u011f\u0131ms\u0131z \u00c7ocuklara Y\u00f6nelik Cinsel \u0130stismar\u0131 Yeniden I\u015fleme Ve A\u00e7\u0131kl\u0131\u011fa Kavu\u015fturma Komisyonu&#8217;na g\u00fcvenmenin bir yoludur. <\/span><\/p>\n<div class=\"wp-block-prj-pt-gutenberg-blocks-linkbutton\"><div class=\"content\"><\/div><\/div>\n<\/div><\/div><\/div><\/div>\n\n\n\n<div class=\"wp-block-prj-pt-gutenberg-blocks-textbox alignwide wp-block-cover\"><div class=\"wp-block-cover__inner-container\"><div><div class=\"content\"><h2 class=\"header\">Hikayenizi yaz\u0131l\u0131 olarak payla\u015f\u0131n<\/h2><p class=\"main-text\">Gizlilik kapsam\u0131nda bir dinlemede Komisyona s\u00f6zl\u00fc olarak bilgi vermek istemiyorsan\u0131z hikayenizi bize yazabilirsiniz. Dilerseniz ad\u0131n\u0131z\u0131 ve konumunuzu belirtmeden de bunu yapabilirsiniz. Raporunuz komisyonun \u00e7ocuklukta cinsel \u015fiddeti m\u00fcmk\u00fcn k\u0131lan \u015feyin ne oldu\u011funu ve \u00e7ocuklar\u0131n gelecekte cinsel \u015fiddetten daha iyi korunabilmesi i\u00e7in politika ve toplumun neleri de\u011fi\u015ftirmesi gerekti\u011fini bulmas\u0131na yard\u0131mc\u0131 olacakt\u0131r.<br><\/p><div><div class=\"textbox-link-more align-center\"><button aria-expanded=\"false\" aria-controls=\"ukask-textbox-kk5mhi0h\">Okumaya devam et<\/button><div class=\"textbox-link-arrow\" aria-hidden=\"true\"><\/div><\/div><div class=\"text-beyond\" style=\"display:none\" id=\"ukask-textbox-kk5mhi0h\"><p>Komisyon, bulgular\u0131n\u0131 d\u00fczenli olarak kamuoyuna raporlar ve pratik \u00f6nerilerde bulunur. Takma adla yaz\u0131lan hikayeniz bu ama\u00e7la de\u011ferlendirilecektir. De\u011ferlendirme komisyon raporlar\u0131nda yer al\u0131r. Sizden aynen al\u0131nt\u0131 yapmak istiyorsak, \u00f6nceden onay\u0131n\u0131z\u0131 isteriz. Do\u011frudan al\u0131nt\u0131 da dahi, siz a\u00e7\u0131k\u00e7a talep etmedik\u00e7e ve al\u0131nt\u0131 \u00fc\u00e7\u00fcnc\u00fc \u015fah\u0131slar\u0131n haklar\u0131na ayk\u0131r\u0131 olmad\u0131\u011f\u0131 s\u00fcrece ad\u0131n\u0131z belirtilmeyecektir.<br><br>\u00c7ocu\u011fun cinsel istismar\u0131 hakk\u0131nda yazmak zorlay\u0131c\u0131 ve stresli olabilir. \u0130\u015finizi kolayla\u015ft\u0131rmak i\u00e7in raporunuz i\u00e7in k\u0131lavuz olarak kullanabilece\u011finiz birka\u00e7 soruyu bir araya getirdik, ancak elbette buna gerek yoktur.<\/p><\/div><\/div>\n<div class=\"wp-block-prj-pt-gutenberg-blocks-linkbutton alignwide\"><div class=\"content\"><\/div><\/div>\n<\/div><\/div><\/div><\/div>\n\n\n\n<div class=\"wp-block-group alignwide ukask-infografik is-layout-flow wp-block-group-is-layout-flow\"><div class=\"wp-block-group__inner-container\">\n<div class=\"wp-block-prj-pt-gutenberg-blocks-columns alignfull wp-block-cover has-grey-light-background-color\"><div class=\"wp-block-cover__inner-container\"><div>\n<div class=\"wp-block-column is-layout-flow wp-block-column-is-layout-flow\">\n<p><strong>1. Ya\u015fad\u0131klar\u0131n\u0131z\u0131 bildirmeniz \u00e7e\u015fitli \u015fekillerde m\u00fcmk\u00fcnd\u00fcr:<\/strong><\/p>\n<\/div>\n\n\n\n<div class=\"wp-block-column is-vertically-aligned-top is-layout-flow wp-block-column-is-layout-flow\"><div class=\"wp-block-image\">\n<figure class=\"aligncenter size-large is-resized\"><img decoding=\"async\" loading=\"lazy\" width=\"155\" height=\"179\" src=\"\/wp-content\/uploads\/2020\/08\/bericht-icon.png\" alt=\"\" class=\"wp-image-1577\" style=\"width:156px;height:180px\"\/><\/figure><\/div>\n\n\n<p class=\"has-text-align-center has-green-color has-text-color\"><strong><span style=\"background-color:rgba(0, 0, 0, 0)\" class=\"has-inline-color has-green-dim-color\">\nMektup veya e-posta yoluyla anonim olarak yaz\u0131l\u0131 rapor<\/span><\/strong><\/p>\n<\/div>\n<\/div><\/div><\/div>\n\n\n\n<div class=\"wp-block-prj-pt-gutenberg-blocks-columns alignfull wp-block-cover has-grey-light-background-color\"><div class=\"wp-block-cover__inner-container\"><div>\n<div class=\"wp-block-column is-layout-flow wp-block-column-is-layout-flow\">\n<p><strong>2. Komisyon t\u00fcm hikayeleri gizli tutacak ve onlar\u0131 g\u00fcvende tutacakt\u0131r.<\/strong><\/p>\n<\/div>\n\n\n\n<div class=\"wp-block-column is-layout-flow wp-block-column-is-layout-flow\"><div class=\"wp-block-image\">\n<figure class=\"aligncenter size-large is-resized\"><img decoding=\"async\" loading=\"lazy\" width=\"300\" height=\"378\" src=\"https:\/\/www.aufarbeitungskommission.de\/wp-content\/uploads\/vertraulich-1.png\" alt=\"\" class=\"wp-image-9665\" style=\"width:145px;height:180px\" srcset=\"https:\/\/www.aufarbeitungskommission.de\/wp-content\/uploads\/vertraulich-1.png 300w, https:\/\/www.aufarbeitungskommission.de\/wp-content\/uploads\/vertraulich-1-238x300.png 238w\" sizes=\"(max-width: 300px) 100vw, 300px\" \/><\/figure><\/div>\n\n\n<p class=\"has-text-align-center has-green-color has-text-color\"><a href=\"https:\/\/www.aufarbeitungskommission.de\/tr\/hikayeniz\/yazili-rapor\/verilerin-korunmasina-iliskin-onemli-bilgiler-gizlililik-kapsaminda-dinleme\/\"><span style=\"background-color:rgba(0, 0, 0, 0)\" class=\"has-inline-color has-green-dim-color\">Veri koruma bilgileri<\/span><\/a><\/p>\n<\/div>\n<\/div><\/div><\/div>\n\n\n\n<div class=\"wp-block-prj-pt-gutenberg-blocks-columns alignfull wp-block-cover has-grey-light-background-color\"><div class=\"wp-block-cover__inner-container\"><div>\n<div class=\"wp-block-column is-layout-flow wp-block-column-is-layout-flow\">\n<p><strong>3. Komisyon, ma\u011fdurlar\u0131n bulgular\u0131n\u0131 ve hikayelerini isim veya yer belirtmeden yay\u0131nlamaktad\u0131r.<\/strong><\/p>\n<\/div>\n\n\n\n<div class=\"wp-block-column is-layout-flow wp-block-column-is-layout-flow\">\n<div class=\"wp-block-prj-pt-gutenberg-blocks-columns alignfull wp-block-cover\"><div class=\"wp-block-cover__inner-container\"><div class=\"are-vertically-aligned-top\">\n<div class=\"wp-block-column is-vertically-aligned-top is-layout-flow wp-block-column-is-layout-flow\"><div class=\"wp-block-image\">\n<figure class=\"aligncenter size-large is-resized\"><img decoding=\"async\" loading=\"lazy\" width=\"254\" height=\"361\" src=\"https:\/\/www.aufarbeitungskommission.de\/wp-content\/uploads\/noun_magazine_3063678.png\" alt=\"\" class=\"wp-image-9666\" style=\"width:131px;height:180px\" srcset=\"https:\/\/www.aufarbeitungskommission.de\/wp-content\/uploads\/noun_magazine_3063678.png 254w, https:\/\/www.aufarbeitungskommission.de\/wp-content\/uploads\/noun_magazine_3063678-211x300.png 211w\" sizes=\"(max-width: 254px) 100vw, 254px\" \/><\/figure><\/div>\n\n\n<p class=\"has-text-align-center has-green-color has-text-color\"><a data-type=\"page\" data-id=\"1194\" href=\"https:\/\/www.aufarbeitungskommission.de\/mediathek\/\"><span style=\"background-color:rgba(0, 0, 0, 0)\" class=\"has-inline-color has-green-dim-color\">Raporlar ve \u00f6neriler (Alman)<\/span><\/a><\/p>\n<\/div>\n\n\n\n<div class=\"wp-block-column is-vertically-aligned-top is-layout-flow wp-block-column-is-layout-flow\"><div class=\"wp-block-image\">\n<figure class=\"aligncenter size-large is-resized\"><img decoding=\"async\" loading=\"lazy\" width=\"131\" height=\"176\" src=\"\/wp-content\/uploads\/2020\/08\/micro_2022847.png\" alt=\"\" class=\"wp-image-1578\" style=\"width:135px;height:182px\"\/><\/figure><\/div>\n\n\n<p class=\"has-text-align-center has-green-color has-text-color\"><a href=\"https:\/\/www.aufarbeitungskommission.de\/tr\/komisyon\/yeniden-isleme\/yeniden-isleme-formatlari\/\"><span style=\"background-color:rgba(0, 0, 0, 0)\" class=\"has-inline-color has-green-dim-color\">Kamuya a\u00e7\u0131k oturumlar ve etkinlikler<\/span><\/a><\/p>\n<\/div>\n\n\n\n<div class=\"wp-block-column is-vertically-aligned-top is-layout-flow wp-block-column-is-layout-flow\"><div class=\"wp-block-image\">\n<figure class=\"aligncenter size-large is-resized\"><a href=\"https:\/\/www.geschichten-die-zaehlen.de\/\"><img decoding=\"async\" loading=\"lazy\" width=\"68\" height=\"210\" src=\"https:\/\/www.aufarbeitungskommission.de\/wp-content\/uploads\/Icon_geschichtenportal-Klein.png\" alt=\"Gr\u00fcnes icon, das zwei aneinander geklebte Anf\u00fchrungszeichen darstellt\" class=\"wp-image-17121\" style=\"width:59px;height:183px\"\/><\/a><\/figure><\/div>\n\n\n<p class=\"has-text-align-center has-green-color has-text-color\"><a href=\"https:\/\/www.geschichten-die-zaehlen.de\/\" target=\"_blank\" rel=\"noreferrer noopener\"><span style=\"background-color:rgba(0, 0, 0, 0)\" class=\"has-inline-color has-green-dim-color\">\u201c\u00d6nemli Hikayeler\u201d web sitesi (Alman) <\/span><\/a><\/p>\n<\/div>\n<\/div><\/div><\/div>\n<\/div>\n<\/div><\/div><\/div>\n<\/div><\/div>\n\n\n\n<div style=\"height:2px\" aria-hidden=\"true\" class=\"wp-block-spacer\"><\/div>\n\n\n\n<h2 class=\"wp-block-heading alignwide has-text-align-wide\">Rapor yaz\u0131m\u0131 i\u00e7in yard\u0131m<\/h2>\n\n\n\n<div class=\"wp-block-prj-pt-gutenberg-blocks-columns alignwide wp-block-cover\"><div class=\"wp-block-cover__inner-container\"><div>\n<div class=\"wp-block-column is-layout-flow wp-block-column-is-layout-flow\">\n<div class=\"wp-block-prj-pt-gutenberg-blocks-textbox wp-block-cover has-white-color has-green-background-color\"><div class=\"wp-block-cover__inner-container\"><div><div class=\"content\"><h2 class=\"header\">ORYANTASYON SORULARI<\/h2><p class=\"main-text\">B\u0130R KURUMDA C\u0130NSEL \u0130ST\u0130SMAR<br><br><\/p>\n<div class=\"wp-block-prj-pt-gutenberg-blocks-linkbutton alignwide\"><div class=\"content\"><div class=\"textbox-link wp-block-button is-style-outline has-color has-white-color has-hover-color has-white-hover-color\"><a href=\"\/wp-content\/uploads\/Kommission_Orientierungsfragen_Institution_tur.pdf\" target=\"_self\" rel=\"noopener noreferrer\" class=\"wp-block-button__link\"><span>PDF \u0130ndir <\/span><\/a><\/div><\/div><\/div>\n<\/div><\/div><\/div><\/div>\n<\/div>\n\n\n\n<div class=\"wp-block-column is-layout-flow wp-block-column-is-layout-flow\">\n<div class=\"wp-block-prj-pt-gutenberg-blocks-textbox wp-block-cover has-white-color has-green-background-color\"><div class=\"wp-block-cover__inner-container\"><div><div class=\"content\"><h2 class=\"header\">ORYANTASYON SORULARI<\/h2><p class=\"main-text\">\u00d6RNE\u011e\u0130N A\u0130LE \u0130\u00c7\u0130NDE VEYA SOSYAL \u00c7EVREDE YABANCILAR VEYA ORGAN\u0130ZE SU\u00c7LAR VASITASIYLAC\u0130NSEL \u0130ST\u0130SMAR<\/p>\n<div class=\"wp-block-prj-pt-gutenberg-blocks-linkbutton alignwide\"><div class=\"content\"><div class=\"textbox-link wp-block-button is-style-outline has-color has-white-color has-hover-color has-white-hover-color\"><a href=\"\/wp-content\/uploads\/Kommission_Orientierungsfragen_sozialesUmfeld_tur.pdf\" target=\"_self\" rel=\"noopener noreferrer\" class=\"wp-block-button__link\"><span>PDF \u0130ndir <\/span><\/a><\/div><\/div><\/div>\n<\/div><\/div><\/div><\/div>\n<\/div>\n<\/div><\/div><\/div>\n\n\n\n<div class=\"wp-block-columns alignwide is-layout-flex wp-container-15 wp-block-columns-is-layout-flex\">\n<div class=\"wp-block-column is-layout-flow wp-block-column-is-layout-flow\" style=\"flex-basis:62%\">\n<div class=\"wp-block-prj-pt-gutenberg-blocks-textbox wp-block-cover has-black-color has-white-background-color\"><div class=\"wp-block-cover__inner-container\"><div><div class=\"content\"><h2 class=\"header\">\u0130leti\u015fim<\/h2><p class=\"main-text\">Raporunuzu bize e-posta veya mektup yoluyla g\u00f6nderebilirsiniz.<br>L\u00fctfen<a href=\"https:\/\/www.aufarbeitungskommission.de\/tr\/hikayeniz\/yazili-rapor\/verilerin-korunmasina-iliskin-onemli-bilgiler-gizlililik-kapsaminda-dinleme\/\"><mark style=\"background-color:rgba(0, 0, 0, 0)\" class=\"has-inline-color has-green-dim-color\">\u00f6nceden yaz\u0131l\u0131 raporlar i\u00e7in veri koruma hakk\u0131ndaki bilgilerimizi okuyun<\/mark><\/a>. Bu, yaz\u0131l\u0131 raporlardan hangi ama\u00e7la veri toplad\u0131\u011f\u0131m\u0131z\u0131 ve bunlar\u0131 nas\u0131l i\u015fledi\u011fimizi a\u00e7\u0131klamaktad\u0131r.<\/p>\n<div class=\"wp-block-prj-pt-gutenberg-blocks-linkbutton\"><div class=\"content\"><\/div><\/div>\n<\/div><\/div><\/div><\/div>\n\n\n\n<p><\/p>\n<\/div>\n\n\n\n<div class=\"wp-block-column is-layout-flow wp-block-column-is-layout-flow\" style=\"flex-basis:62.5%\">\n<div class=\"wp-block-prj-pt-gutenberg-blocks-textbox wp-block-cover\"><div class=\"wp-block-cover__inner-container\"><div><div class=\"content\"><h2 class=\"header\"><\/h2><p class=\"main-text\"><strong>e-mail:<\/strong> <a href=\"mailto:kontakt@aufarbeitungskommission.de\"><span style=\"background-color:rgba(0, 0, 0, 0)\" class=\"has-inline-color has-green-color\">kontakt@aufarbeitungskommission.de<\/span><\/a><br><br><strong>Posta adresi:<\/strong><br>Ba\u011f\u0131ms\u0131z \u00c7ocuk Cinsel \u0130stismar\u0131 Ara\u015ft\u0131rma Komisyonu<br>P.O. Kutusu 110129, 10831 Berlin<\/p>\n<div class=\"wp-block-prj-pt-gutenberg-blocks-linkbutton\"><div class=\"content\"><\/div><\/div>\n<\/div><\/div><\/div><\/div>\n\n\n\n<p><\/p>\n<\/div>\n<\/div>\n\n\n\n<div style=\"height:20px\" aria-hidden=\"true\" class=\"wp-block-spacer\"><\/div>\n\n\n\n<div class=\"wp-block-prj-pt-gutenberg-blocks-columns alignwide wp-block-cover\"><div class=\"wp-block-cover__inner-container\"><div>\n<div class=\"wp-block-column is-layout-flow wp-block-column-is-layout-flow\">\n<div class=\"wp-block-prj-pt-gutenberg-blocks-columns aligncenter wp-block-cover has-background-dim-50 has-background-dim has-green-background-color\" style=\"background-image:url(https:\/\/www.aufarbeitungskommission.de\/wp-content\/uploads\/2020\/08\/sattgruen_5.jpg);background-position:44% 0%\"><span aria-hidden=\"true\" class=\"wp-block-cover__gradient-background\"><\/span><div class=\"wp-block-cover__inner-container\"><div>\n<div class=\"wp-block-column is-layout-flow wp-block-column-is-layout-flow\"><div class=\"wp-block-image\">\n<figure class=\"aligncenter size-large\"><img decoding=\"async\" loading=\"lazy\" width=\"201\" height=\"200\" src=\"https:\/\/www.aufarbeitungskommission.de\/wp-content\/uploads\/2020\/08\/telefon-weiss-neu.png\" alt=\"\" class=\"wp-image-1775\" srcset=\"https:\/\/www.aufarbeitungskommission.de\/wp-content\/uploads\/2020\/08\/telefon-weiss-neu.png 201w, https:\/\/www.aufarbeitungskommission.de\/wp-content\/uploads\/2020\/08\/telefon-weiss-neu-150x150.png 150w\" sizes=\"(max-width: 201px) 100vw, 201px\" \/><\/figure><\/div><\/div>\n<\/div><\/div><\/div>\n<\/div>\n\n\n\n<div class=\"wp-block-column is-layout-flow wp-block-column-is-layout-flow\">\n<div class=\"wp-block-prj-pt-gutenberg-blocks-textbox wp-block-cover\"><div class=\"wp-block-cover__inner-container\"><div><div class=\"content\"><h2 class=\"header\">Servis hatt\u0131 i\u015flemleri<br>0800  40 300 40<\/h2><p class=\"main-text\"><strong>\u00dccretsiz ve 18 dilde anonim<\/strong><\/p>\n<div class=\"wp-block-prj-pt-gutenberg-blocks-linkbutton alignwide\"><div class=\"content\"><a href=\"\/tr\/hikayeniz\/info-telefon-yeniden-isleme\/\" target=\"_self\" rel=\"noopener noreferrer\" class=\"textbox-link has-color has-green-color has-hover-color has-green-dim-hover-color\"><span>Daha fazla bilgi i\u00e7in servis hatt\u0131<\/span><\/a><\/div><\/div>\n<\/div><\/div><\/div><\/div>\n<\/div>\n<\/div><\/div><\/div>\n\n\n\n<div class=\"wp-block-prj-pt-gutenberg-blocks-linkbutton alignwide\"><div class=\"content\"><div class=\"textbox-link wp-block-button inversed is-style-outline has-color has-green-color has-hover-color has-green-dim-hover-color\"><a href=\"\/tr\/hikayeniz\/\" target=\"_self\" rel=\"noopener noreferrer\" class=\"wp-block-button__link\"><span>Genel bak\u0131\u015fa geri d\u00f6n\u00fcn<\/span><\/a><\/div><\/div><\/div>\n","protected":false},"excerpt":{"rendered":"<p>Rapor yaz\u0131m\u0131 i\u00e7in yard\u0131m<\/p>\n","protected":false},"author":31,"featured_media":0,"parent":31642,"menu_order":0,"comment_status":"closed","ping_status":"closed","template":"","meta":{"footnotes":""},"yoast_head":"<!-- This site is optimized with the Yoast SEO plugin v21.4 - https:\/\/yoast.com\/wordpress\/plugins\/seo\/ -->\n<title>Yaz\u0131l\u0131 rapor - Aufarbeitungskommission<\/title>\n<meta name=\"description\" content=\"Yaz\u0131l\u0131 rapor \u2013 \u00e7ocuklar\u0131n cinsel istismar\u0131na ili\u015fkin deneyimlerinizi yazma\" \/>\n<meta name=\"robots\" content=\"index, follow, max-snippet:-1, max-image-preview:large, max-video-preview:-1\" \/>\n<link rel=\"canonical\" href=\"https:\/\/www.aufarbeitungskommission.de\/tr\/hikayeniz\/yazili-rapor\/\" \/>\n<meta property=\"og:locale\" content=\"tr_TR\" \/>\n<meta property=\"og:type\" content=\"article\" \/>\n<meta property=\"og:title\" content=\"Yaz\u0131l\u0131 rapor - Aufarbeitungskommission\" \/>\n<meta property=\"og:description\" content=\"Yaz\u0131l\u0131 rapor \u2013 \u00e7ocuklar\u0131n cinsel istismar\u0131na ili\u015fkin deneyimlerinizi yazma\" \/>\n<meta property=\"og:url\" content=\"https:\/\/www.aufarbeitungskommission.de\/tr\/hikayeniz\/yazili-rapor\/\" \/>\n<meta property=\"og:site_name\" content=\"Aufarbeitungskommission\" \/>\n<meta property=\"article:modified_time\" content=\"2025-01-14T10:47:40+00:00\" \/>\n<meta property=\"og:image\" content=\"https:\/\/www.aufarbeitungskommission.de\/wp-content\/uploads\/Linkbild_Bericht_tur.png\" \/>\n\t<meta property=\"og:image:width\" content=\"1024\" \/>\n\t<meta property=\"og:image:height\" content=\"512\" \/>\n\t<meta property=\"og:image:type\" content=\"image\/png\" \/>\n<meta name=\"twitter:card\" content=\"summary_large_image\" \/>\n<meta name=\"twitter:title\" content=\"Yaz\u0131l\u0131 rapor - Aufarbeitungskommission\" \/>\n<meta name=\"twitter:description\" content=\"Yaz\u0131l\u0131 rapor \u2013 \u00e7ocuklar\u0131n cinsel istismar\u0131na ili\u015fkin deneyimlerinizi yazma\" \/>\n<meta name=\"twitter:image\" content=\"https:\/\/www.aufarbeitungskommission.de\/wp-content\/uploads\/Linkbild_Bericht_tur.png\" \/>\n<meta name=\"twitter:site\" content=\"@Aufarbeitung\" \/>\n<meta name=\"twitter:label1\" content=\"Tahmini okuma s\u00fcresi\" \/>\n\t<meta name=\"twitter:data1\" content=\"4 dakika\" \/>\n<script type=\"application\/ld+json\" class=\"yoast-schema-graph\">{\"@context\":\"https:\/\/schema.org\",\"@graph\":[{\"@type\":\"WebPage\",\"@id\":\"https:\/\/www.aufarbeitungskommission.de\/tr\/hikayeniz\/yazili-rapor\/\",\"url\":\"https:\/\/www.aufarbeitungskommission.de\/tr\/hikayeniz\/yazili-rapor\/\",\"name\":\"Yaz\u0131l\u0131 rapor - Aufarbeitungskommission\",\"isPartOf\":{\"@id\":\"https:\/\/www.aufarbeitungskommission.de\/tr\/#website\"},\"datePublished\":\"2020-07-30T06:55:30+00:00\",\"dateModified\":\"2025-01-14T10:47:40+00:00\",\"description\":\"Yaz\u0131l\u0131 rapor \u2013 \u00e7ocuklar\u0131n cinsel istismar\u0131na ili\u015fkin deneyimlerinizi yazma\",\"breadcrumb\":{\"@id\":\"https:\/\/www.aufarbeitungskommission.de\/tr\/hikayeniz\/yazili-rapor\/#breadcrumb\"},\"inLanguage\":\"tr\",\"potentialAction\":[{\"@type\":\"ReadAction\",\"target\":[\"https:\/\/www.aufarbeitungskommission.de\/tr\/hikayeniz\/yazili-rapor\/\"]}]},{\"@type\":\"BreadcrumbList\",\"@id\":\"https:\/\/www.aufarbeitungskommission.de\/tr\/hikayeniz\/yazili-rapor\/#breadcrumb\",\"itemListElement\":[{\"@type\":\"ListItem\",\"position\":1,\"name\":\"Ana sayfa\",\"item\":\"https:\/\/www.aufarbeitungskommission.de\/tr\/\"},{\"@type\":\"ListItem\",\"position\":2,\"name\":\"Hikayeniz\",\"item\":\"https:\/\/www.aufarbeitungskommission.de\/tr\/hikayeniz\/\"},{\"@type\":\"ListItem\",\"position\":3,\"name\":\"Yaz\u0131l\u0131 rapor\"}]},{\"@type\":\"WebSite\",\"@id\":\"https:\/\/www.aufarbeitungskommission.de\/tr\/#website\",\"url\":\"https:\/\/www.aufarbeitungskommission.de\/tr\/\",\"name\":\"Aufarbeitungskommission\",\"description\":\"\",\"publisher\":{\"@id\":\"https:\/\/www.aufarbeitungskommission.de\/tr\/#organization\"},\"potentialAction\":[{\"@type\":\"SearchAction\",\"target\":{\"@type\":\"EntryPoint\",\"urlTemplate\":\"https:\/\/www.aufarbeitungskommission.de\/tr\/?s={search_term_string}\"},\"query-input\":\"required name=search_term_string\"}],\"inLanguage\":\"tr\"},{\"@type\":\"Organization\",\"@id\":\"https:\/\/www.aufarbeitungskommission.de\/tr\/#organization\",\"name\":\"Unabh\u00e4ngige Kommission zur Aufarbeitung sexuellen Kindesmissbrauchs\",\"url\":\"https:\/\/www.aufarbeitungskommission.de\/tr\/\",\"logo\":{\"@type\":\"ImageObject\",\"inLanguage\":\"tr\",\"@id\":\"https:\/\/www.aufarbeitungskommission.de\/tr\/#\/schema\/logo\/image\/\",\"url\":\"https:\/\/www.aufarbeitungskommission.de\/wp-content\/uploads\/2020\/06\/Aufarbeitungskommission_Logo_crop.svg\",\"contentUrl\":\"https:\/\/www.aufarbeitungskommission.de\/wp-content\/uploads\/2020\/06\/Aufarbeitungskommission_Logo_crop.svg\",\"width\":308,\"height\":94,\"caption\":\"Unabh\u00e4ngige Kommission zur Aufarbeitung sexuellen Kindesmissbrauchs\"},\"image\":{\"@id\":\"https:\/\/www.aufarbeitungskommission.de\/tr\/#\/schema\/logo\/image\/\"},\"sameAs\":[\"https:\/\/twitter.com\/Aufarbeitung\",\"https:\/\/de.wikipedia.org\/wiki\/Unabh\u00e4ngige_Kommission_zur_Aufarbeitung_sexuellen_Kindesmissbrauchs\"]}]}<\/script>\n<!-- \/ Yoast SEO plugin. -->","yoast_head_json":{"title":"Yaz\u0131l\u0131 rapor - Aufarbeitungskommission","description":"Yaz\u0131l\u0131 rapor \u2013 \u00e7ocuklar\u0131n cinsel istismar\u0131na ili\u015fkin deneyimlerinizi yazma","robots":{"index":"index","follow":"follow","max-snippet":"max-snippet:-1","max-image-preview":"max-image-preview:large","max-video-preview":"max-video-preview:-1"},"canonical":"https:\/\/www.aufarbeitungskommission.de\/tr\/hikayeniz\/yazili-rapor\/","og_locale":"tr_TR","og_type":"article","og_title":"Yaz\u0131l\u0131 rapor - Aufarbeitungskommission","og_description":"Yaz\u0131l\u0131 rapor \u2013 \u00e7ocuklar\u0131n cinsel istismar\u0131na ili\u015fkin deneyimlerinizi yazma","og_url":"https:\/\/www.aufarbeitungskommission.de\/tr\/hikayeniz\/yazili-rapor\/","og_site_name":"Aufarbeitungskommission","article_modified_time":"2025-01-14T10:47:40+00:00","og_image":[{"width":1024,"height":512,"url":"https:\/\/www.aufarbeitungskommission.de\/wp-content\/uploads\/Linkbild_Bericht_tur.png","type":"image\/png"}],"twitter_card":"summary_large_image","twitter_title":"Yaz\u0131l\u0131 rapor - Aufarbeitungskommission","twitter_description":"Yaz\u0131l\u0131 rapor \u2013 \u00e7ocuklar\u0131n cinsel istismar\u0131na ili\u015fkin deneyimlerinizi yazma","twitter_image":"https:\/\/www.aufarbeitungskommission.de\/wp-content\/uploads\/Linkbild_Bericht_tur.png","twitter_site":"@Aufarbeitung","twitter_misc":{"Tahmini okuma s\u00fcresi":"4 dakika"},"schema":{"@context":"https:\/\/schema.org","@graph":[{"@type":"WebPage","@id":"https:\/\/www.aufarbeitungskommission.de\/tr\/hikayeniz\/yazili-rapor\/","url":"https:\/\/www.aufarbeitungskommission.de\/tr\/hikayeniz\/yazili-rapor\/","name":"Yaz\u0131l\u0131 rapor - Aufarbeitungskommission","isPartOf":{"@id":"https:\/\/www.aufarbeitungskommission.de\/tr\/#website"},"datePublished":"2020-07-30T06:55:30+00:00","dateModified":"2025-01-14T10:47:40+00:00","description":"Yaz\u0131l\u0131 rapor \u2013 \u00e7ocuklar\u0131n cinsel istismar\u0131na ili\u015fkin deneyimlerinizi yazma","breadcrumb":{"@id":"https:\/\/www.aufarbeitungskommission.de\/tr\/hikayeniz\/yazili-rapor\/#breadcrumb"},"inLanguage":"tr","potentialAction":[{"@type":"ReadAction","target":["https:\/\/www.aufarbeitungskommission.de\/tr\/hikayeniz\/yazili-rapor\/"]}]},{"@type":"BreadcrumbList","@id":"https:\/\/www.aufarbeitungskommission.de\/tr\/hikayeniz\/yazili-rapor\/#breadcrumb","itemListElement":[{"@type":"ListItem","position":1,"name":"Ana sayfa","item":"https:\/\/www.aufarbeitungskommission.de\/tr\/"},{"@type":"ListItem","position":2,"name":"Hikayeniz","item":"https:\/\/www.aufarbeitungskommission.de\/tr\/hikayeniz\/"},{"@type":"ListItem","position":3,"name":"Yaz\u0131l\u0131 rapor"}]},{"@type":"WebSite","@id":"https:\/\/www.aufarbeitungskommission.de\/tr\/#website","url":"https:\/\/www.aufarbeitungskommission.de\/tr\/","name":"Aufarbeitungskommission","description":"","publisher":{"@id":"https:\/\/www.aufarbeitungskommission.de\/tr\/#organization"},"potentialAction":[{"@type":"SearchAction","target":{"@type":"EntryPoint","urlTemplate":"https:\/\/www.aufarbeitungskommission.de\/tr\/?s={search_term_string}"},"query-input":"required name=search_term_string"}],"inLanguage":"tr"},{"@type":"Organization","@id":"https:\/\/www.aufarbeitungskommission.de\/tr\/#organization","name":"Unabh\u00e4ngige Kommission zur Aufarbeitung sexuellen Kindesmissbrauchs","url":"https:\/\/www.aufarbeitungskommission.de\/tr\/","logo":{"@type":"ImageObject","inLanguage":"tr","@id":"https:\/\/www.aufarbeitungskommission.de\/tr\/#\/schema\/logo\/image\/","url":"https:\/\/www.aufarbeitungskommission.de\/wp-content\/uploads\/2020\/06\/Aufarbeitungskommission_Logo_crop.svg","contentUrl":"https:\/\/www.aufarbeitungskommission.de\/wp-content\/uploads\/2020\/06\/Aufarbeitungskommission_Logo_crop.svg","width":308,"height":94,"caption":"Unabh\u00e4ngige Kommission zur Aufarbeitung sexuellen Kindesmissbrauchs"},"image":{"@id":"https:\/\/www.aufarbeitungskommission.de\/tr\/#\/schema\/logo\/image\/"},"sameAs":["https:\/\/twitter.com\/Aufarbeitung","https:\/\/de.wikipedia.org\/wiki\/Unabh\u00e4ngige_Kommission_zur_Aufarbeitung_sexuellen_Kindesmissbrauchs"]}]}},"_links":{"self":[{"href":"https:\/\/www.aufarbeitungskommission.de\/tr\/wp-json\/wp\/v2\/pages\/31790"}],"collection":[{"href":"https:\/\/www.aufarbeitungskommission.de\/tr\/wp-json\/wp\/v2\/pages"}],"about":[{"href":"https:\/\/www.aufarbeitungskommission.de\/tr\/wp-json\/wp\/v2\/types\/page"}],"author":[{"embeddable":true,"href":"https:\/\/www.aufarbeitungskommission.de\/tr\/wp-json\/wp\/v2\/users\/31"}],"replies":[{"embeddable":true,"href":"https:\/\/www.aufarbeitungskommission.de\/tr\/wp-json\/wp\/v2\/comments?post=31790"}],"version-history":[{"count":7,"href":"https:\/\/www.aufarbeitungskommission.de\/tr\/wp-json\/wp\/v2\/pages\/31790\/revisions"}],"predecessor-version":[{"id":33793,"href":"https:\/\/www.aufarbeitungskommission.de\/tr\/wp-json\/wp\/v2\/pages\/31790\/revisions\/33793"}],"up":[{"embeddable":true,"href":"https:\/\/www.aufarbeitungskommission.de\/tr\/wp-json\/wp\/v2\/pages\/31642"}],"wp:attachment":[{"href":"https:\/\/www.aufarbeitungskommission.de\/tr\/wp-json\/wp\/v2\/media?parent=31790"}],"curies":[{"name":"wp","href":"https:\/\/api.w.org\/{rel}","templated":true}]}}